{"id":27,"date":"2019-03-27T09:37:52","date_gmt":"2019-03-27T08:37:52","guid":{"rendered":"http:\/\/atae.fr\/?page_id=27"},"modified":"2019-05-20T11:44:28","modified_gmt":"2019-05-20T09:44:28","slug":"coordonnateur-sps","status":"publish","type":"page","link":"https:\/\/atae.fr\/?page_id=27","title":{"rendered":"Coordonnateur SPS"},"content":{"rendered":"<h5><span style=\"color: #5782d4;\">Le r\u00f4le d&rsquo;un coordonnateur SPS:<\/span><\/h5>\n<h6>La <span id=\"spans0e0\" onclick=\"showMenu(this);\" class=\"ac\" tooltip=\"Le mot &lt;b&gt;Coordination&lt;\/b&gt; ne prend pas de capitale dans ce contexte.\" onmouseover=\"showtooltip(this,300);\" onmouseout=\"hideddrivetip();\">coordination<\/span> s\u00e9curit\u00e9 et protection de la <span id=\"spans0e1\" onclick=\"showMenu(this);\" class=\"ac\" tooltip=\"Le mot &lt;b&gt;Sant\u00e9&lt;\/b&gt; ne prend pas de capitale dans ce contexte.\" onmouseover=\"showtooltip(this,300);\" onmouseout=\"hideddrivetip();\">sant\u00e9<\/span> <span id=\"spans0e2\" onclick=\"showMenu(this);\" class=\"ac\" tooltip=\"Le sujet &lt;b&gt;La Coordination s\u00e9curit\u00e9 et protection[...]&lt;\/b&gt; est \u00e0 la 3e personne du pluriel alors que le verbe &lt;b&gt;vise&lt;\/b&gt; est \u00e0 la 3e personne du singulier.\" onmouseover=\"showtooltip(this,300);\" onmouseout=\"hideddrivetip();\">visent<\/span>, pour tout chantier de b\u00e2timent ou de g\u00e9nie civil o\u00f9 interviennent plusieurs entrepreneurs ou travailleurs ind\u00e9pendants, \u00e0 pr\u00e9venir les risques issus <span id=\"spans0e3\" onclick=\"showMenu(this);\" class=\"ac\" tooltip=\"Le groupe nominal &lt;b&gt;de leur coactivit\u00e9 successive ou simultan\u00e9&lt;\/b&gt; est f\u00e9minin singulier.\" onmouseover=\"showtooltip(this,300);\" onmouseout=\"hideddrivetip();\">de leur coactivit\u00e9 successive ou simultan\u00e9e<\/span> et \u00e0 pr\u00e9voir l\u2019utilisation de moyens communs. <span id=\"spans1e0\" onclick=\"showMenu(this);\" class=\"ac\" tooltip=\"&lt;b&gt;\u00c0 cet effet&lt;\/b&gt; :  Accentuation de la capitale en d\u00e9but de mot.\" onmouseover=\"showtooltip(this,300);\" onmouseout=\"hideddrivetip();\">\u00c0 cet effet<\/span> le ma\u00eetre d\u2019ouvrage a d\u00e9sign\u00e9 un coordonnateur SPS, dont les r\u00f4les, missions et responsabilit\u00e9s sont <span id=\"spans1e1\" onclick=\"showMenu(this);\" class=\"ac\" tooltip=\"Le participe pass\u00e9 &lt;b&gt;d\u00e9finis&lt;\/b&gt; s'accorde avec le sujet &lt;b&gt;missions et responsabilit\u00e9s&lt;\/b&gt; du verbe \u00eatre.\" onmouseover=\"showtooltip(this,300);\" onmouseout=\"hideddrivetip();\">d\u00e9finies<\/span> par le Code du travail.<br \/>\nL\u2019ensemble de la mission est d\u00e9fini par le Code du Travail qui pr\u00e9cise \u00e9galement les obligations du ma\u00eetre d\u2019ouvrage. Ces dispositions sont la traduction de la loi 93-1418 du 31 d\u00e9cembre 1993 qui transpose une directive europ\u00e9enne.<\/h6>\n<h6><span>En effet pour mettre en place une d\u00e9marche de pr\u00e9vention, il est n\u00e9cessaire de s\u2019appuyer sur les <\/span><span>neuf grands principes g\u00e9n\u00e9raux (<\/span><a href=\"http:\/\/www.legifrance.gouv.fr\/affichCodeArticle.do?idArticle=LEGIARTI000006903148&amp;cidTexte=LEGITEXT000006072050\"><span>L.4121-2 du Code du travail<\/span><\/a><span> ) qui r\u00e9gissent l\u2019organisation de la pr\u00e9vention.\u00a0<\/span><span><\/span><\/h6>\n<ul>\n<li>\n<h6><span>\u00c9viter les risques, c&rsquo;est supprimer le danger ou l&rsquo;exposition au danger.<\/span><\/h6>\n<\/li>\n<li>\n<h6><span>\u00c9valuer les risques, c&rsquo;est appr\u00e9cier l\u2019exposition au danger et l\u2019importance du risque afin de prioriser les actions de pr\u00e9vention \u00e0 mener.<\/span><\/h6>\n<\/li>\n<li>\n<h6><span> <\/span><span>Combattre les risques \u00e0 la source, c&rsquo;est int\u00e9grer la pr\u00e9vention le plus en amont possible, notamment d\u00e8s la conception des lieux de travail, des \u00e9quipements ou des modes op\u00e9ratoires.<\/span><\/h6>\n<\/li>\n<li>\n<h6><span> <\/span><span>Adapter le travail \u00e0 l&rsquo;Homme, en tenant compte des diff\u00e9rences interindividuelles, dans le but de r\u00e9duire les effets du travail sur la sant\u00e9.<\/span><\/h6>\n<\/li>\n<li>\n<h6><span><\/span>Tenir compte de l&rsquo;\u00e9volution de la technique, c&rsquo;est adapter la pr\u00e9vention aux \u00e9volutions techniques et organisationnelles.<span><\/span><\/h6>\n<\/li>\n<li>\n<h6><span>Remplacer ce qui est dangereux par ce qui l\u2019est moins, c\u2019est \u00e9viter l\u2019utilisation de proc\u00e9d\u00e9s ou de produits dangereux lorsqu\u2019un m\u00eame r\u00e9sultat peut \u00eatre obtenu avec une m\u00e9thode pr\u00e9sentant des dangers moindres.<\/span><\/h6>\n<\/li>\n<li>\n<h6><span>Planifier la pr\u00e9vention en int\u00e9grant technique, organisation et conditions de travail, relations sociales et environnement.<\/span><\/h6>\n<\/li>\n<li>\n<h6><span>Donner la priorit\u00e9 aux mesures de protection collective et n&rsquo;utiliser les \u00e9quipements de protection individuelle qu&rsquo;en compl\u00e9ment des protections collectives si elles se r\u00e9v\u00e8lent insuffisantes.<\/span><\/h6>\n<\/li>\n<li>\n<h6><span>Donner les instructions appropri\u00e9es aux salari\u00e9s, c\u2019est former et informer les salari\u00e9s afin qu\u2019ils connaissent les risques et les mesures de pr\u00e9vention.<\/span><\/h6>\n<\/li>\n<\/ul>\n<h6><span>En lisant ces principes g\u00e9n\u00e9raux de pr\u00e9vention vous savez d\u00e9j\u00e0 presque tout, reste \u00e0 voir ci-dessous comment cela s\u2019organise !<\/span><\/h6>\n<p><img loading=\"lazy\" decoding=\"async\" src=\"http:\/\/atae.fr\/wp-content\/uploads\/2019\/04\/images.jpg\" alt=\"\" class=\"size-full wp-image-433 aligncenter\" width=\"265\" height=\"190\" \/><\/p>\n<p><span><strong>Les missions de coordination SPS propos\u00e9es par ATAE r\u00e9pondent \u00e0 trois exigences :<\/strong><\/span><\/p>\n<ul>\n<li><span> <\/span><span><strong>Le devoir moral de pr\u00e9venir les accidents<\/strong><\/span><\/li>\n<li><span> <\/span><span><strong>Le conseille aupr\u00e8s du Ma\u00eetre d\u2019ouvrage, de la maitrise d\u2019\u0153uvre et des entreprises pour<\/strong><\/span><span><strong> la mise en commun des moyens (Travaux en hauteur \/ circulation et Manutention)<\/strong><\/span><\/li>\n<li><span> <\/span><span><strong>Se conforter aux obligations r\u00e9glementaires<\/strong><\/span><\/li>\n<\/ul>\n","protected":false},"excerpt":{"rendered":"<p>Le r\u00f4le d&rsquo;un coordonnateur SPS: La coordination s\u00e9curit\u00e9 et protection de la sant\u00e9 visent, pour tout chantier de b\u00e2timent ou de g\u00e9nie civil o\u00f9 interviennent plusieurs entrepreneurs ou travailleurs ind\u00e9pendants, \u00e0 pr\u00e9venir les risques issus de leur coactivit\u00e9 successive ou simultan\u00e9e et \u00e0 pr\u00e9voir l\u2019utilisation de moyens communs. \u00c0 cet [&hellip;]<\/p>\n","protected":false},"author":1,"featured_media":0,"parent":0,"menu_order":0,"comment_status":"closed","ping_status":"closed","template":"","meta":{"footnotes":""},"class_list":["post-27","page","type-page","status-publish","hentry"],"_links":{"self":[{"href":"https:\/\/atae.fr\/index.php?rest_route=\/wp\/v2\/pages\/27","targetHints":{"allow":["GET"]}}],"collection":[{"href":"https:\/\/atae.fr\/index.php?rest_route=\/wp\/v2\/pages"}],"about":[{"href":"https:\/\/atae.fr\/index.php?rest_route=\/wp\/v2\/types\/page"}],"author":[{"embeddable":true,"href":"https:\/\/atae.fr\/index.php?rest_route=\/wp\/v2\/users\/1"}],"replies":[{"embeddable":true,"href":"https:\/\/atae.fr\/index.php?rest_route=%2Fwp%2Fv2%2Fcomments&post=27"}],"version-history":[{"count":16,"href":"https:\/\/atae.fr\/index.php?rest_route=\/wp\/v2\/pages\/27\/revisions"}],"predecessor-version":[{"id":525,"href":"https:\/\/atae.fr\/index.php?rest_route=\/wp\/v2\/pages\/27\/revisions\/525"}],"wp:attachment":[{"href":"https:\/\/atae.fr\/index.php?rest_route=%2Fwp%2Fv2%2Fmedia&parent=27"}],"curies":[{"name":"wp","href":"https:\/\/api.w.org\/{rel}","templated":true}]}}